{"version":"1.0","provider_name":"Logro\u00f1o Pasi\u00f3n","provider_url":"https:\/\/www.logronopasion.com\/portal","title":"2\u00ba domingo de Adviento - Inmaculada Concepci\u00f3n - Logro\u00f1o Pasi\u00f3n","type":"rich","width":600,"height":338,"html":"<blockquote class=\"wp-embedded-content\" data-secret=\"gSZED8eYGW\"><a href=\"https:\/\/www.logronopasion.com\/portal\/segundo-domingo-de-adviento-inmaculada-concepcion\/\">2\u00ba domingo de Adviento &#8211; Inmaculada Concepci\u00f3n<\/a><\/blockquote><iframe sandbox=\"allow-scripts\" security=\"restricted\" src=\"https:\/\/www.logronopasion.com\/portal\/segundo-domingo-de-adviento-inmaculada-concepcion\/embed\/#?secret=gSZED8eYGW\" width=\"600\" height=\"338\" title=\"\u00ab2\u00ba domingo de Adviento &#8211; Inmaculada Concepci\u00f3n\u00bb \u2014 Logro\u00f1o Pasi\u00f3n\" data-secret=\"gSZED8eYGW\" frameborder=\"0\" marginwidth=\"0\" marginheight=\"0\" scrolling=\"no\" class=\"wp-embedded-content\"><\/iframe><script type=\"text\/javascript\">\n\/* <![CDATA[ *\/\n\/*! This file is auto-generated *\/\n!function(d,l){\"use strict\";l.querySelector&&d.addEventListener&&\"undefined\"!=typeof URL&&(d.wp=d.wp||{},d.wp.receiveEmbedMessage||(d.wp.receiveEmbedMessage=function(e){var t=e.data;if((t||t.secret||t.message||t.value)&&!\/[^a-zA-Z0-9]\/.test(t.secret)){for(var s,r,n,a=l.querySelectorAll('iframe[data-secret=\"'+t.secret+'\"]'),o=l.querySelectorAll('blockquote[data-secret=\"'+t.secret+'\"]'),c=new RegExp(\"^https?:$\",\"i\"),i=0;i<o.length;i++)o[i].style.display=\"none\";for(i=0;i<a.length;i++)s=a[i],e.source===s.contentWindow&&(s.removeAttribute(\"style\"),\"height\"===t.message?(1e3<(r=parseInt(t.value,10))?r=1e3:~~r<200&&(r=200),s.height=r):\"link\"===t.message&&(r=new URL(s.getAttribute(\"src\")),n=new URL(t.value),c.test(n.protocol))&&n.host===r.host&&l.activeElement===s&&(d.top.location.href=t.value))}},d.addEventListener(\"message\",d.wp.receiveEmbedMessage,!1),l.addEventListener(\"DOMContentLoaded\",function(){for(var e,t,s=l.querySelectorAll(\"iframe.wp-embedded-content\"),r=0;r<s.length;r++)(t=(e=s[r]).getAttribute(\"data-secret\"))||(t=Math.random().toString(36).substring(2,12),e.src+=\"#?secret=\"+t,e.setAttribute(\"data-secret\",t)),e.contentWindow.postMessage({message:\"ready\",secret:t},\"*\")},!1)))}(window,document);\n\/\/# sourceURL=https:\/\/www.logronopasion.com\/portal\/wp-includes\/js\/wp-embed.min.js\n\/* ]]> *\/\n<\/script>\n","thumbnail_url":"https:\/\/www.logronopasion.com\/portal\/wp-content\/uploads\/2019\/12\/2\u00ba-domingo-de-adviento.jpg","thumbnail_width":720,"thumbnail_height":266,"description":"A\u00f1o 2019 Celebraci\u00f3n de la Inmaculada Concepci\u00f3n 2\u00ba domingo de Adviento Al coincidir algunos a\u00f1os el 2\u00ba Domingo de Adviento con la Festividad Solemne de la Inmaculada Concepci\u00f3n de Mar\u00eda y dada la tradici\u00f3n y sentimiento tan grande Mariana en Espa\u00f1a, la Conferencia Episcopal Espa\u00f1ola solicita a la Congregaci\u00f3n para el Culto Divino y la Disciplina de los Sacramentos, la correspondiente dispensa. &nbsp; CONCESI\u00d3N DE DISPENSA PARA QUE LA SOLEMNIDAD DE LA INMACULADA CONCEPCI\u00d3N PUEDA CELEBRARSE EN ESTE A\u00d1O 2019, A PESAR DE COINCIDIR CON EL SEGUNDO DOMINGO DE ADVIENTO Eminencia Reverend\u00edsima: Esta Congregaci\u00f3n para el Culto Divino y la&hellip;"}